{"id":12805,"date":"2015-01-06T19:43:31","date_gmt":"2015-01-06T19:43:31","guid":{"rendered":"http:\/\/localhost\/themes\/unicon\/?page_id=12805"},"modified":"2020-09-09T15:31:50","modified_gmt":"2020-09-09T13:31:50","slug":"about-freelancer","status":"publish","type":"page","link":"https:\/\/peinture-piron.be\/?page_id=12805","title":{"rendered":"Qui sommes-nous?"},"content":{"rendered":"<p>[vc_row top_padding=&#8221;100&#8243; bottom_padding=&#8221;100&#8243; bg_position=&#8221;left top&#8221;][vc_column width=&#8221;1\/3&#8243;]<h3 class=\"headline font-special fontsize-l fontweight-700 lh-inherit align-left transform-uppercase \" style=\"margin: 0 0 20px 0; color: #333333;\">Martin PIRON<\/h3><div class=\"divider divider6\" style='margin:0 !important;'><\/div>[\/vc_column][vc_column width=&#8221;2\/3&#8243;][vc_column_text]Martin Piron a toujours \u00e9t\u00e9 passionn\u00e9 par les m\u00e9tiers manuels, c\u2019est ainsi qu\u2019en sortant de rh\u00e9to, en 2009, il s\u2019est dirig\u00e9 vers l\u2019IFAPME pour entreprendre une formation de trois ans afin de devenir chef d\u2019entreprise.<\/p>\n<p>C\u2019est lors de ces trois ann\u00e9es qu\u2019il a pu affiner ses gammes\u00a0: <strong>rev\u00eatement de sol, peinture, d\u00e9coration, rev\u00eatement mural\u2026<\/strong> C\u2019est durant ces trois ann\u00e9es qu\u2019il a pu se former. En parall\u00e8le de cette formation, il est entr\u00e9 dans la soci\u00e9t\u00e9 de peinture familiale en tant qu\u2019apprenti.<\/p>\n<p>Une entreprise qu\u2019il a int\u00e9gr\u00e9e en 2012, \u00e0 la fin de sa formation IFAPME. C\u2019est durant ces ann\u00e9es que son p\u00e8re lui a transmis la <strong>passion de la peinture<\/strong> et qu\u2019il a pu acqu\u00e9rir toutes ses techniques.<\/p>\n<p>En 2016, Martin Piron sent l\u2019envie de voler de se propres ailes, c\u2019est ainsi qui lance sa propre soci\u00e9t\u00e9 de peinture. Une soci\u00e9t\u00e9 qui, gr\u00e2ce au bouche \u00e0 oreille prend rapidement. Tout d\u00e9marre tr\u00e8s vite et le peintre est fort demand\u00e9, surtout dans la r\u00e9gion de <strong>Stavelot\/Malmedy<\/strong> o\u00f9 il s\u2019est actuellement install\u00e9.<\/p>\n<p>La plupart du temps, c\u2019est seul que Martin Piron se d\u00e9place pour les travaux de peinture. Mais il lui arrive de temps \u00e0 autre de faire appel \u00e0 des sous-traitants, en privil\u00e9giant les ind\u00e9pendants de la r\u00e9gion.<\/p>\n<p>80% de ses chantiers se font du c\u00f4t\u00e9 de Stavelot\/Malmedy, mais il lui arrive certaines fois de revenir du c\u00f4t\u00e9 de Verviers, o\u00f9 il est originaire. M\u00eame si la demande est l\u00e0, le peintre Piron restera seul \u00e0 la t\u00eate de l\u2019entreprise. Il veut garder une soci\u00e9t\u00e9 \u00e0 taille humaine o\u00f9 la plupart des chantiers se font chez des particuliers.[\/vc_column_text][\/vc_column][\/vc_row][vc_row type=&#8221;full_width_section&#8221; bg_position=&#8221;left top&#8221;][vc_column width=&#8221;1\/1&#8243;]<div class=\"divider divider1\" style='margin:10 !important;'><\/div>[vc_column_text]    <div id=\"wdi_feed_0\" class=\"wdi_feed_main_container wdi_layout_th wdi_feed_theme_1 wdi_feed_thumbnail_1\"  >\n      <div class=\"wdi_js_error\">Something is wrong.<br \/><\/div><div class=\"wdi_token_error wdi_hidden\">Instagram token error.<\/div><div class=\"wdi_private_feed_error wdi_hidden\"><span><\/span><\/div><div class=\"wdi_check_fontawesome wdi_hidden\"><i><\/i><\/div>      <div id=\"wdi_spider_popup_loading_0\" class=\"wdi_spider_popup_loading\"><\/div>\n      <div id=\"wdi_spider_popup_overlay_0\" class=\"wdi_spider_popup_overlay\" onclick=\"wdi_spider_destroypopup(1000)\"><\/div>\n      <div class=\"wdi_feed_container\">\n        <div class=\"wdi_feed_info\">\n          <div id=\"wdi_feed_0_header\" class='wdi_feed_header'><\/div>\n          <div id=\"wdi_feed_0_users\" class='wdi_feed_users'>\n                  <div class=\"wdi_single_user\">\n        <div class=\"wdi_header_user_text \">\n                                  <h3 onclick=\"window.open('\/\/instagram.com\/martin.piron','_blank')\">martin.piron<\/h3>\n                                <div class=\"wdi_user_controls\">\n              <div class=\"wdi_follow_btn\"\n                   onclick=\"window.open('\/\/instagram.com\/martin.piron','_blank')\">\n                <span>Follow<\/span>\n              <\/div>\n            <\/div>\n                                      <\/div>\n      <\/div>\n      <div class=\"wdi_clear\"><\/div>\n                <\/div>\n        <\/div>\n                <div class=\"wdi_feed_wrapper wdi_col_4\" wdi-res='wdi_col_4'><\/div>\n        <div class=\"wdi_clear\"><\/div>\n                      <div class=\"wdi_load_more wdi_hidden\">\n                <div class=\"wdi_load_more_container\">\n                  <div class=\"wdi_load_more_wrap\">\n                    <div class=\"wdi_load_more_wrap_inner\">\n                      <div class=\"wdi_load_more_text\">Load More<\/div>\n                    <\/div>\n                  <\/div>\n                <\/div>\n              <\/div>\n              <div class=\"wdi_spinner\">\n                <div class=\"wdi_spinner_container\">\n                  <div class=\"wdi_spinner_wrap\">\n                    <div class=\"wdi_spinner_wrap_inner\"><i class=\"wdi_load_more_spinner tenweb-i tenweb-i-spinner\"><\/i><\/div>\n                  <\/div>\n                <\/div>\n              <\/div>\n                    <\/div>\n      <div class=\"wdi_front_overlay\"><\/div>\n    <\/div>\n        <script><\/script>    [\/vc_column_text][\/vc_column][\/vc_row]<\/p>\n","protected":false},"excerpt":{"rendered":"<p>[vc_row top_padding=&#8221;100&#8243; bottom_padding=&#8221;100&#8243; bg_position=&#8221;left top&#8221;][vc_column width=&#8221;1\/3&#8243;][\/vc_column][vc_column width=&#8221;2\/3&#8243;][vc_column_text]Martin Piron a toujours \u00e9t\u00e9 passionn\u00e9 par les m\u00e9tiers manuels, c\u2019est ainsi qu\u2019en sortant de rh\u00e9to, en 2009, il s\u2019est dirig\u00e9 vers l\u2019IFAPME pour entreprendre une formation de trois ans afin de devenir chef d\u2019entreprise. C\u2019est lors de ces trois ann\u00e9es qu\u2019il a pu affiner ses gammes\u00a0: rev\u00eatement de sol, peinture, d\u00e9coration, rev\u00eatement mural\u2026 C\u2019est durant ces trois ann\u00e9es qu\u2019il a pu se former. En parall\u00e8le de cette formation, il est entr\u00e9 dans la soci\u00e9t\u00e9 de peinture familiale en tant qu\u2019apprenti. Une entreprise qu\u2019il a int\u00e9gr\u00e9e en 2012, \u00e0 la fin de sa formation IFAPME. C\u2019est durant ces ann\u00e9es que son p\u00e8re lui a transmis la passion de la peinture et qu\u2019il a pu acqu\u00e9rir toutes ses techniques. En 2016, Martin Piron sent l\u2019envie de voler de se propres ailes, c\u2019est ainsi qui lance sa propre soci\u00e9t\u00e9 de peinture. Une soci\u00e9t\u00e9 qui, gr\u00e2ce au bouche \u00e0 oreille prend rapidement. Tout d\u00e9marre tr\u00e8s vite et le peintre est fort demand\u00e9, surtout dans la r\u00e9gion de Stavelot\/Malmedy o\u00f9 il s\u2019est actuellement install\u00e9. La plupart du temps, c\u2019est seul que Martin Piron se d\u00e9place pour les travaux de peinture. Mais il lui arrive de temps \u00e0 autre [&hellip;]<\/p>\n","protected":false},"author":1,"featured_media":0,"parent":0,"menu_order":0,"comment_status":"open","ping_status":"open","template":"","meta":{"footnotes":""},"class_list":["post-12805","page","type-page","status-publish","hentry"],"_links":{"self":[{"href":"https:\/\/peinture-piron.be\/index.php?rest_route=\/wp\/v2\/pages\/12805","targetHints":{"allow":["GET"]}}],"collection":[{"href":"https:\/\/peinture-piron.be\/index.php?rest_route=\/wp\/v2\/pages"}],"about":[{"href":"https:\/\/peinture-piron.be\/index.php?rest_route=\/wp\/v2\/types\/page"}],"author":[{"embeddable":true,"href":"https:\/\/peinture-piron.be\/index.php?rest_route=\/wp\/v2\/users\/1"}],"replies":[{"embeddable":true,"href":"https:\/\/peinture-piron.be\/index.php?rest_route=%2Fwp%2Fv2%2Fcomments&post=12805"}],"version-history":[{"count":13,"href":"https:\/\/peinture-piron.be\/index.php?rest_route=\/wp\/v2\/pages\/12805\/revisions"}],"predecessor-version":[{"id":16073,"href":"https:\/\/peinture-piron.be\/index.php?rest_route=\/wp\/v2\/pages\/12805\/revisions\/16073"}],"wp:attachment":[{"href":"https:\/\/peinture-piron.be\/index.php?rest_route=%2Fwp%2Fv2%2Fmedia&parent=12805"}],"curies":[{"name":"wp","href":"https:\/\/api.w.org\/{rel}","templated":true}]}}